{"id":910,"date":"2011-07-08T22:33:48","date_gmt":"2011-07-08T19:33:48","guid":{"rendered":"http:\/\/matkalla.dima.fi\/2011\/07\/08\/kohta-iisalmessa\/"},"modified":"2020-03-02T15:33:26","modified_gmt":"2020-03-02T13:33:26","slug":"kohta-iisalmessa","status":"publish","type":"mark","link":"https:\/\/dima.fi\/blog\/matkamerkki\/kohta-iisalmessa\/","title":{"rendered":"Kohta Iisalmessa"},"content":{"rendered":"<p>Tsasouna on l\u00f6ydetty. Se ei ollut kummoinen. Mutta tulipa n\u00e4hty\u00e4 se.<\/p>\n<p>Nyt ajetaan kohti Iisalmea. Siell\u00e4 sauna, makkaraa ja olutta. Siideria minulle. J\u00e4rvess\u00e4 uidaan. Talviturkki on heitetty jo Haikolassa \ud83d\ude09<\/p>\n<p>T\u00e4m\u00e4 taitaa olla reissun viimeinen postaus matkalta. Seuraavaksi ilmoita valokuvista ja katsastuksen tuloksesta. Jossain vaiheessa kirjoitan matkaraportin matkakuvauksen loppuun.<\/p>\n<p>T\u00e4ll\u00e4 hetkell\u00e4 ei ole tiedossa tulevaa reissua, mutta eik\u00f6h\u00e4n sellainen joskus tulee taas. Hurjiin seikkailuihin en en\u00e4\u00e4 volkkarilla mene. Vasta kun on Niva kakkosautona. Siin\u00e4kin on pulmansa, niiss\u00e4 kun ei yleens\u00e4 ole ilmastointia :\/<\/p>\n","protected":false},"author":1,"comment_status":"open","ping_status":"open","template":"","categories":[129],"tags":[],"class_list":["post-910","mark","type-mark","status-publish","hentry","category-2011-karjalan-kirkot","missing-thumbnail"],"_links":{"self":[{"href":"https:\/\/dima.fi\/blog\/wp-json\/wp\/v2\/mark\/910","targetHints":{"allow":["GET"]}}],"collection":[{"href":"https:\/\/dima.fi\/blog\/wp-json\/wp\/v2\/mark"}],"about":[{"href":"https:\/\/dima.fi\/blog\/wp-json\/wp\/v2\/types\/mark"}],"author":[{"embeddable":true,"href":"https:\/\/dima.fi\/blog\/wp-json\/wp\/v2\/users\/1"}],"replies":[{"embeddable":true,"href":"https:\/\/dima.fi\/blog\/wp-json\/wp\/v2\/comments?post=910"}],"wp:attachment":[{"href":"https:\/\/dima.fi\/blog\/wp-json\/wp\/v2\/media?parent=910"}],"wp:term":[{"taxonomy":"category","embeddable":true,"href":"https:\/\/dima.fi\/blog\/wp-json\/wp\/v2\/categories?post=910"},{"taxonomy":"post_tag","embeddable":true,"href":"https:\/\/dima.fi\/blog\/wp-json\/wp\/v2\/tags?post=910"}],"curies":[{"name":"wp","href":"https:\/\/api.w.org\/{rel}","templated":true}]}}