{"id":1714,"date":"2015-08-16T23:27:07","date_gmt":"2015-08-16T20:27:07","guid":{"rendered":"http:\/\/matkalla.dima.fi\/?p=1714"},"modified":"2020-02-29T01:33:00","modified_gmt":"2020-02-28T23:33:00","slug":"ensimmaisen-paivan-saldo","status":"publish","type":"mark","link":"https:\/\/dima.fi\/blog\/matkamerkki\/ensimmaisen-paivan-saldo\/","title":{"rendered":"Ensimm\u00e4isen p\u00e4iv\u00e4n saldo"},"content":{"rendered":"<p>Lento Helsingist\u00e4 M\u00fcncheniin meni hyvin.<br \/>\nSunnuntai p\u00e4iv\u00e4n ja pyh\u00e4n juhlan takia, kaikki materialistimestat olivat kiinni. Vain ainoastaan vatsoja ja maksoja palvelevat tahot olivat ottamassa kaiken ilon irti.<br \/>\nLyhyeeksi j\u00e4i siis vierailu M\u00fcncheniin. Eli hyp\u00e4ttiin junaan ja painuttiin Garmisch-Partenkircheniin. No se ei sujunu kovin suunnitelmallisesti. Ratat\u00f6iden takia matkan puolessa v\u00e4liss\u00e4 meid\u00e4t ohjattiin busseihin. Onneksi ahtaus ei kest\u00e4nyt kuin alkumatkan.<br \/>\nGaPassa majoituspaikamme avain piti hakea noin 2km p\u00e4\u00e4st\u00e4. Joten k\u00e4ytiin Foxin kanssa pienelle lenkille ja Kimmo j\u00e4i vahtimaan laukkuja.<br \/>\nPalatessa asemalle Kimmoa ei n\u00e4kynyt, eik\u00e4 laukuista ollut tietoakaan. Selvis, ett\u00e4 logistiikka kohti majapaikkaa oli hoidettu. Sill\u00e4 vanha perheyst\u00e4v\u00e4 Aino tuli vastaan. H\u00e4nelt\u00e4 siis saatiin autokyydin majataloon. Eik\u00e4 siin\u00e4 viel\u00e4 kaikki. Uskomattominta olikin se, ett\u00e4 meid\u00e4n majatalo ja h\u00e4nen kotinsa ovatkin samaa taloyhti\u00f6t\u00e4. Eri rakennukset tosin. Mutta silti naapureita \ud83d\ude42<\/p>\n<p>On kyll\u00e4 hieno t\u00e4m\u00e4 kattohuoneistomme. Vilkaiskaa lis\u00e4\u00e4 t\u00e4st\u00e4:\u00a0<a href=\"http:\/\/www.ferienwohnungen-bertignol.de\/dachidyll-wifi.html\" target=\"_blank\" rel=\"noopener noreferrer\">Helga Bertignol-Sailer Dachidyll<\/a>.<br \/>\nLangaton nettikin on. Se ei ole itsest\u00e4\u00e4nselvyys.<\/p>\n<p>S\u00e4\u00e4 ei kyll\u00e4 ole meid\u00e4n puolella. Huomenna sataa. Ylihuomenna v\u00e4hemm\u00e4n. Joten huomenna tehd\u00e4\u00e4n pakolliset varustet\u00e4ydennyshoppailut ja illalla joku harjoitus nousu l\u00e4himaastossa. Tiistaina voisi vet\u00e4ist\u00e4 jonkun helpomman ylityksen, jos ei ole kauheasti sadetta. Mutta ainakin toistaiseksi luvataan to-pe-la akselille hyv\u00e4\u00e4 s\u00e4\u00e4t\u00e4. Joten p\u00e4\u00e4kohteemme Jubil\u00e4umsgrat odottaa loppuviikossa.<\/p>\n<p>T\u00e4\u00e4ll\u00e4 on siis tosiaan Partenkirchenin juhlaviikko. Joten illalla kun illastettiin Ainon kanssa, sopivasti k\u00e4vi juhlaparaati ravintolan vierest\u00e4. On kyll\u00e4 paikalliset ylpeit\u00e4. Mutta niin, kivointa kuitenkin on se, ett\u00e4 kaksi vuotta sitten kun oltiin t\u00e4\u00e4ll\u00e4, osuttiin Garmischin juhlaviikolle. Ja siell\u00e4 oli siis ns. sen alueen juhlaparaati. Ja kas, oltiin silloin illastamassa Ainon kanssa kolmistaan.<\/p>\n<p>Mutta nyt sopisi menn\u00e4 vaakatasoon.<\/p>\n","protected":false},"author":1,"comment_status":"open","ping_status":"open","template":"","categories":[19],"tags":[20,21,22],"class_list":["post-1714","mark","type-mark","status-publish","hentry","category-2015-alpit","tag-garmisch-partenkirchen","tag-munchen","tag-saksa","missing-thumbnail"],"_links":{"self":[{"href":"https:\/\/dima.fi\/blog\/wp-json\/wp\/v2\/mark\/1714","targetHints":{"allow":["GET"]}}],"collection":[{"href":"https:\/\/dima.fi\/blog\/wp-json\/wp\/v2\/mark"}],"about":[{"href":"https:\/\/dima.fi\/blog\/wp-json\/wp\/v2\/types\/mark"}],"author":[{"embeddable":true,"href":"https:\/\/dima.fi\/blog\/wp-json\/wp\/v2\/users\/1"}],"replies":[{"embeddable":true,"href":"https:\/\/dima.fi\/blog\/wp-json\/wp\/v2\/comments?post=1714"}],"wp:attachment":[{"href":"https:\/\/dima.fi\/blog\/wp-json\/wp\/v2\/media?parent=1714"}],"wp:term":[{"taxonomy":"category","embeddable":true,"href":"https:\/\/dima.fi\/blog\/wp-json\/wp\/v2\/categories?post=1714"},{"taxonomy":"post_tag","embeddable":true,"href":"https:\/\/dima.fi\/blog\/wp-json\/wp\/v2\/tags?post=1714"}],"curies":[{"name":"wp","href":"https:\/\/api.w.org\/{rel}","templated":true}]}}